{"id":139,"date":"2023-04-17T20:04:02","date_gmt":"2023-04-17T20:04:02","guid":{"rendered":"https:\/\/rifcsa.uson.mx\/?page_id=139"},"modified":"2025-10-28T09:41:35","modified_gmt":"2025-10-28T16:41:35","slug":"que-hacemos","status":"publish","type":"page","link":"https:\/\/rifcsa.uson.mx\/?page_id=139","title":{"rendered":"\u00bfQu\u00e9 Hacemos?"},"content":{"rendered":"<p>Con el objetivo de crear una plataforma de divulgaci\u00f3n y difusi\u00f3n de contenidos, trabajos, tesis, proyectos, investigaciones de estudiantes, maestros, investigadores y p\u00fablico en general que desean contribuir al conocimiento de las Ciencias Sociales, donde los mismos interesados puedan disponer de esta informaci\u00f3n y materiales did\u00e1cticos, que generan la misma comunidad.<\/p>\n<p>De esta manera brindamos una plataforma digital donde constantemente se suben, se organiza, se actualiza y se reciben proyectos de investigaci\u00f3n, con la finalidad de contribuir al desarrollo de los alumnos y p\u00fablico en general en su formaci\u00f3n dentro de la rama de las Ciencias Sociales.<\/p>\n<blockquote>\n<p><em><strong><a href=\"https:\/\/rifcsa.uson.mx\/?p=485\"><u>ESTUDIANTES<\/u><\/a>.- <\/strong><\/em>Aprendemos Ciencia haciendo ciencia desde los 17-18 a\u00f1os, desde el inicio de alguna carrera profesional universitaria en Ciencias sociales y afines, hasta llegar a publicar en la <em>Revista<\/em> <em>RIFCSA<\/em> de la Red, art\u00edculos de difusi\u00f3n y de divulgaci\u00f3n cient\u00edfica, operando <em>RADIO RIFCSA<\/em>. Apoyamos en Servicio social y\/o como becarios de ayudant\u00eda de investigaci\u00f3n en el dise\u00f1o, mantenimiento y operaci\u00f3n de la p\u00e1gina de la Red.<\/p>\n<\/blockquote>\n<blockquote>\n<p><a href=\"https:\/\/rifcsa.uson.mx\/?p=459\"><strong><u>PROFESORES INVESTIGADORES<\/u><\/strong><\/a>. \u2013 Apoyamos a j\u00f3venes en el desarrollo de sus capacidades creativas, form\u00e1ndolos desde edades tempranas en investigaci\u00f3n cient\u00edfica, estimul\u00e1ndolos a que publiquen en la <em>Revista<\/em> <em>RIFCSA<\/em> de esta Red sus art\u00edculos y en su caso a que terminen y presenten sus tesis de licenciatura con art\u00edculos derivados publicables.<\/p>\n<\/blockquote>\n<blockquote>\n<p><u>INSTITUCIONES GUBERNAMENTALES<\/u>. \u2013 Apoyamos las capacidades de j\u00f3venes en multi e interdisciplina para el estudio de nuestras atribuciones y efectos ideales esperados por la ciudadan\u00eda, para mejorar normas y evitar impunidad, injusticias y\/o\u00a0 corrupci\u00f3n en el desarrollo de nuestras competencias, nuestras f\u00f3rmulas comunicativas, de conducta, administrativas, culturales e hist\u00f3ricas, de seguridad y de ejercicio del poder.<\/p>\n<\/blockquote>\n<blockquote>\n<p><u>INSTITUCIONES ACAD\u00c9MICAS<\/u>. \u2013 Aprovechamos entre todas la oportunidad de aprender conjuntamente a formar estudiantes <em>\u201caprendiendo ciencia haciendo ciencia<\/em>\u201d con metodolog\u00edas compartidas hasta lograr que j\u00f3venes estudiantes publiquen en las Revistas de la Red y Congresos internacionales sus logros.<\/p>\n<\/blockquote>\n<blockquote>\n<p><u>INSTITUCIONES EMPRESARIALES\/INDUSTRIALES<\/u>. \u2013 Apoyamos en un \u201cGanar-ganar\u201d, mediante donaciones deducibles, a j\u00f3venes haciendo investigaci\u00f3n sobre sus productos, servicios, imagen, clima organizacional, mejoramiento de roles, historia organizacional, etc\u00e9tera, con enfoque de Sistemas complejos para la mejora de sus procesos.<\/p>\n<\/blockquote>\n<blockquote>\n<p><u>REDES AFINES<\/u>. \u2013 Aparte de cumplir nuestros prop\u00f3sitos naturales, podr\u00edamos aprovechar el espacio y beneficios que ofrece <em>RIFCSA<\/em> para impulsar el objetivo com\u00fan de formar desde edades tempranas nuevos cuadros o recursos humanos para la creaci\u00f3n de nuevo conocimiento aplicable aprendiendo a hacer investigaci\u00f3n cient\u00edfico tecnol\u00f3gica.<\/p>\n<\/blockquote>\n<h1 style=\"text-align: center;\">Feria Internacional de Formaci\u00f3n en Ciencias Sociales<\/h1>\n<h4 style=\"text-align: center;\">Convocatoria anual 2026 a la creatividadd e innovaci\u00f3n en ciencias sociales a estudiantes de instituciones p\u00fablicas o privadas de educaci\u00f3n superior de pregrado o licenciatura<\/h4>\n<blockquote>\n<p><strong>Categorias\u00a0<\/strong>por ciencia social participante, entre otras: Administraci\u00f3n p\u00fablica, Antropolog\u00eda, Arquitectura, Ciencia Polit\u00edca, Ciencias de la Comunicaci\u00f3n, Derecho, Educaci\u00f3n, Geografia, Historia, Psicolog\u00eda, Seguridad P\u00fablica, Sociolog\u00eda, Trabajo Social.<\/p>\n<p><strong>Objetivo:\u00a0<\/strong>Fomentar la formaci\u00f3n en ciencias haciendo ciencia, la creatividad e innovaci\u00f3n en el campo de cada disciplina cient\u00edfica, a trav\u00e9s del desarrollo de propuestas deducidas de estudios sociales, modelos plausibles y posibles normas mas efectivas y actualizadas, encuentros con nuevo conocimiento, paquetes de t\u00e9cnicas, mecanismos probados de servicio, etc. \u00datiles para mejorar la calidad de vida social.<\/p>\n<p>Presentaci\u00f3n de propuestas VIA ZOOM, con premios de 20,000, 15,000 y 10,000 al primero, segundo y tercer lugar a partir de vistas y \u201cmanitas\u201d recibidas, fundamentalmente atendiendo al criterio de \u201cEfecto social cuali cuantitativo\u201d (a cuantos beneficia y c\u00f3mo) de la creaci\u00f3n expresado en cada proyecto y valorado por un jurado ad hoc.<\/p>\n<\/blockquote>\n<h1 style=\"text-align: center;\">Congreso Internacional de Formaci\u00f3n en Ciencias Sociales<\/h1>\n<h4 style=\"text-align: center;\">Convocatoria bianual 2026-2027<\/h4>\n<blockquote>\n<p>No se operar\u00e1 por categor\u00edas disciplinares, sino por niveles: Estudiantes de Educaci\u00f3n Media Superior, Superior y posgrado.<\/p>\n<p><strong>Objetivo:<\/strong> Fomentar Y PREMIAR LA CREATIVIDAD E INNOVACI\u00d3N CIENT\u00cdFICA ESTUDIANTIL de las Ciencias sociales, e ir construyendo un cat\u00e1logo de propuestas para operar en papel una REVISTA DE DIVULGACI\u00d3N cient\u00edfico social para tomadores de decisiones, empresarios, l\u00edderes sociales, etc\u00e9tera.<\/p>\n<\/blockquote>\n<h1 style=\"text-align: center;\">Semana Internacional de Formaci\u00f3n en Ciencias Sociales<\/h1>\n<h4 style=\"text-align: center;\">Convocatoria anual 2026<\/h4>\n<blockquote>\n<p><strong>Objetivo:<\/strong> Hacer comunidad cient\u00edfico Facilitadora, mostrando evidencias did\u00e1cticas sobre como ense\u00f1ar y como aprender ciencias sociales haciendo ciencia, c\u00f3mo ha estado sucediendo y c\u00f3mo podr\u00eda mejorarse. Hacia d\u00f3nde vamos Presentaci\u00f3n de Conferencias, T\u00e9cnicas did\u00e1cticas innovadoras de ense\u00f1ar ciencias haciendo ciencia, Presentaci\u00f3n de libros, An\u00e1lisis de producciones editoriales hemerogr\u00e1ficas, etc.<\/p>\n<\/blockquote>\n<p>Entre todos nos vinculamos para resultar fortalecidos con los aportes de cada Red, nos podr\u00edamos estar sumando y organizando congresos internacionales, participando en programas de <em>RADIO RIFCSA<\/em>, promoviendo que estudiantes hagan investigaci\u00f3n y publiquen sus hallazgos en Revista de la Red y afines.<\/p>\n\n\n\n<p><img decoding=\"async\" title=\"alumnosescalera\" src=\"https:\/\/rifcsa.uson.mx\/wp-content\/uploads\/alumnosescalera-1.jpg\" alt=\"alumnosescalera\" \/><\/p>","protected":false},"excerpt":{"rendered":"<p>Con el objetivo de crear una plataforma de divulgaci\u00f3n y difusi\u00f3n de contenidos, trabajos, tesis, proyectos, investigaciones de estudiantes, maestros, investigadores y p\u00fablico en general&hellip;<\/p>\n","protected":false},"author":1,"featured_media":0,"parent":0,"menu_order":0,"comment_status":"closed","ping_status":"closed","template":"","meta":{"footnotes":""},"_links":{"self":[{"href":"https:\/\/rifcsa.uson.mx\/index.php?rest_route=\/wp\/v2\/pages\/139"}],"collection":[{"href":"https:\/\/rifcsa.uson.mx\/index.php?rest_route=\/wp\/v2\/pages"}],"about":[{"href":"https:\/\/rifcsa.uson.mx\/index.php?rest_route=\/wp\/v2\/types\/page"}],"author":[{"embeddable":true,"href":"https:\/\/rifcsa.uson.mx\/index.php?rest_route=\/wp\/v2\/users\/1"}],"replies":[{"embeddable":true,"href":"https:\/\/rifcsa.uson.mx\/index.php?rest_route=%2Fwp%2Fv2%2Fcomments&post=139"}],"version-history":[{"count":24,"href":"https:\/\/rifcsa.uson.mx\/index.php?rest_route=\/wp\/v2\/pages\/139\/revisions"}],"predecessor-version":[{"id":495,"href":"https:\/\/rifcsa.uson.mx\/index.php?rest_route=\/wp\/v2\/pages\/139\/revisions\/495"}],"wp:attachment":[{"href":"https:\/\/rifcsa.uson.mx\/index.php?rest_route=%2Fwp%2Fv2%2Fmedia&parent=139"}],"curies":[{"name":"wp","href":"https:\/\/api.w.org\/{rel}","templated":true}]}}